{"id":1316,"date":"2013-12-12T08:13:43","date_gmt":"2013-12-12T08:13:43","guid":{"rendered":"http:\/\/centresocial-horizon.fr\/?page_id=1316"},"modified":"2023-12-21T10:37:14","modified_gmt":"2023-12-21T09:37:14","slug":"partenaires-centres-sociaux","status":"publish","type":"page","link":"https:\/\/centresocial-horizon.fr\/?page_id=1316","title":{"rendered":"Partenaires Centres Sociaux"},"content":{"rendered":"<h3><a href=\"https:\/\/centresocial-horizon.fr\/wp-content\/uploads\/2013\/12\/logo-centres-sociaux.png\"><img loading=\"lazy\" decoding=\"async\" class=\"aligncenter  wp-image-1318\" src=\"https:\/\/centresocial-horizon.fr\/wp-content\/uploads\/2013\/12\/logo-centres-sociaux-268x300.png\" alt=\"logo-centres-sociaux\" width=\"198\" height=\"222\" srcset=\"https:\/\/centresocial-horizon.fr\/wp-content\/uploads\/2013\/12\/logo-centres-sociaux-268x300.png 268w, https:\/\/centresocial-horizon.fr\/wp-content\/uploads\/2013\/12\/logo-centres-sociaux-916x1024.png 916w, https:\/\/centresocial-horizon.fr\/wp-content\/uploads\/2013\/12\/logo-centres-sociaux.png 960w\" sizes=\"auto, (max-width: 198px) 100vw, 198px\" \/><\/a><\/h3>\n<p><span style=\"color: #0000ff;\">Le Centre Social Horizon est adh\u00e9rent \u00e0 la F\u00e9d\u00e9ration des Centres Sociaux de France (FCSF), \u00e0 ce titre il participe \u00e0 un r\u00e9seau de professionnels et de b\u00e9n\u00e9voles.<\/span><\/p>\n<p><span style=\"color: #0000ff;\">Vous trouverez ci-apr\u00e8s les adresses mail de nos principaux partenaires.<\/span><\/p>\n<p>la F\u00e9d\u00e9ration des Centres Sociaux de France<\/p>\n<p><a href=\"http:\/\/www.centres-sociaux.fr\/\">http:\/\/www.centres-sociaux.fr\/<\/a><\/p>\n<p><strong>Union R\u00e9gionale des Centres Sociaux<\/strong><\/p>\n<p><a href=\"http:\/\/paysdelaloire.centres-sociaux.fr\/fede-49\/\">http:\/\/paysdelaloire.centres-sociaux.fr\/fede-49\/<\/a><\/p>\n<p><strong>Les Centres Sociaux adh\u00e9rents <\/strong><strong>de Cholet Agglom\u00e9ration.<br \/><\/strong><\/p>\n<h3>Centre Socio-culturel Intercommunal Chloro&rsquo;Fil<\/h3>\n<p>40 bis rue de la Lib\u00e9ration &#8211; 49340 Nuaill\u00e9<br \/>T\u00e9l. 02 41 55 93 41<br \/>Courriel : <a>accueil@csichlorofil.fr<\/a><br \/>Internet : <a href=\"https:\/\/csichlorofil.centres-sociaux.fr\/\">csichlorofil.centres-sociaux.fr<\/a><\/p>\n<h3>Centre Social Intercommunal Ocsig\u00e8ne<\/h3>\n<p>18 rue d\u2019Anjou &#8211; 49280 Saint-L\u00e9ger-sous-Cholet<br \/>T\u00e9l. 02 41 56 26 10<br \/>Courriel : <a>accueil@ocsigene.fr<\/a><br \/>Internet : <a href=\"https:\/\/ocsigene.centres-sociaux.fr\/\">ocsigene.centres-sociaux.fr<\/a><\/p>\n<h3>Centre Social du Planty<\/h3>\n<p>55 rue du Planty &#8211; 49 300 Cholet<br \/>T\u00e9l. 02 41 49 04 85<br \/>Courriel :\u00a0<a>accueil@planty.fr<\/a><\/p>\n<h3>Centre Socio-culturel du Verger<\/h3>\n<p>Rue du bois r\u00e9gnier &#8211; 49300 Cholet<br \/>T\u00e9l. 02.41.65.14.99<br \/>Courriel : <a>accueil@cs-leverger.fr<\/a><br \/>Internet : <a href=\"http:\/\/www.cs-leverger.fr\">www.cs-leverger.fr<\/a><\/p>\n<h3>Centre Social Pasteur<\/h3>\n<p>1 rue du Docteur Maillard &#8211; 49300 Cholet<br \/>T\u00e9l. 02 41 65 01 05<br \/>Courriel : <a href=\"mailto:cpasteur@wanadoo.fr\">cpasteur@wanadoo.fr<\/a> <br \/>Internet : <a href=\"https:\/\/cspasteur.centres-sociaux.fr\/\">cspasteur.centres-sociaux.fr<\/a><\/p>\n<h3>Centre Socio-culturel Le Coin de la rue<\/h3>\n<p>2 rue du Comte de Champagny &#8211; BP6 &#8211; Vihiers 49310 Lys Haut Layon<br \/>T\u00e9l. 02 41 75 42 70<br \/>Courriel : <a>accueil@csc-lecoindelarue.fr<\/a> <br \/>Internet : <a href=\"http:\/\/csc-lecoindelarue.fr\/\">csc-lecoindelarue.fr<\/a><\/p>\n<h3>Centre Socio-culturel K&rsquo;l\u00e9idoscope<\/h3>\n<p>13 avenue du Pr\u00e9sident Kennedy\u00a0&#8211; 49300 Cholet<br \/>T\u00e9l. 02 41 55 55 84<br \/>Courriel : <a href=\"mailto:centre.kleidoscope@gmail.com\">centre.kleidoscope@gmail.com<\/a><br \/>Internet : <a href=\"https:\/\/kleidoscope.centres-sociaux.fr\/\">kleidoscope.centres-sociaux.fr<\/a><\/p>\n\n\n<p><\/p>\n","protected":false},"excerpt":{"rendered":"<p>Le Centre Social Horizon est adh\u00e9rent \u00e0 la F\u00e9d\u00e9ration des Centres Sociaux de France (FCSF), \u00e0 ce titre il participe \u00e0 un r\u00e9seau de professionnels et de b\u00e9n\u00e9voles. Vous trouverez ci-apr\u00e8s les adresses mail&#46;&#46;&#46;<\/p>\n","protected":false},"author":11,"featured_media":0,"parent":0,"menu_order":0,"comment_status":"open","ping_status":"open","template":"","meta":{"footnotes":""},"class_list":["post-1316","page","type-page","status-publish","hentry"],"_links":{"self":[{"href":"https:\/\/centresocial-horizon.fr\/index.php?rest_route=\/wp\/v2\/pages\/1316","targetHints":{"allow":["GET"]}}],"collection":[{"href":"https:\/\/centresocial-horizon.fr\/index.php?rest_route=\/wp\/v2\/pages"}],"about":[{"href":"https:\/\/centresocial-horizon.fr\/index.php?rest_route=\/wp\/v2\/types\/page"}],"author":[{"embeddable":true,"href":"https:\/\/centresocial-horizon.fr\/index.php?rest_route=\/wp\/v2\/users\/11"}],"replies":[{"embeddable":true,"href":"https:\/\/centresocial-horizon.fr\/index.php?rest_route=%2Fwp%2Fv2%2Fcomments&post=1316"}],"version-history":[{"count":7,"href":"https:\/\/centresocial-horizon.fr\/index.php?rest_route=\/wp\/v2\/pages\/1316\/revisions"}],"predecessor-version":[{"id":5830,"href":"https:\/\/centresocial-horizon.fr\/index.php?rest_route=\/wp\/v2\/pages\/1316\/revisions\/5830"}],"wp:attachment":[{"href":"https:\/\/centresocial-horizon.fr\/index.php?rest_route=%2Fwp%2Fv2%2Fmedia&parent=1316"}],"curies":[{"name":"wp","href":"https:\/\/api.w.org\/{rel}","templated":true}]}}